{"id":259,"date":"2026-04-27T20:41:09","date_gmt":"2026-04-27T18:41:09","guid":{"rendered":"https:\/\/lesgrandssinges.com\/?post_type=product&#038;p=259"},"modified":"2026-04-27T21:49:12","modified_gmt":"2026-04-27T19:49:12","slug":"jerome-karoly-lage-elastique","status":"publish","type":"product","link":"https:\/\/lesgrandssinges.com\/index.php\/product\/jerome-karoly-lage-elastique\/","title":{"rendered":"J\u00e9r\u00f4me Karoly <br><strong>L&rsquo;\u00e2ge \u00e9lastique<\/strong>"},"content":{"rendered":"<p>On trouvera dans ce recueil une d\u00e9dicace aux insectes pour leur ma\u00eetrise des m\u00e9tamorphoses, des questionnements et des \u00e9merveillements dans des po\u00e8mes qui c\u00e9l\u00e8brent la splendeur parfois inqui\u00e9tante de ce monde o\u00f9 il nous a \u00e9t\u00e9 donn\u00e9 de vivre.<br \/>\nEt puis une tentative de traductions\/variations de quelques po\u00e8mes de la dynastie Tang (Meng Haoran, Wang Wei et Jia Dao).<\/p>\n<h2>L&rsquo;auteur<\/h2>\n<p><strong>J\u00e9r\u00f4me Karoly<\/strong> se consacre \u00e0 la recherche sur l\u2019histoire des pens\u00e9es chinoises en m\u00eame temps qu\u2019\u00e0 la po\u00e9sie et \u00e0 la fiction. Il a enseign\u00e9 \u00e0 l\u2019universit\u00e9 en Italie et a particip\u00e9 \u00e0 des projets de recherche avec l\u2019universit\u00e9 normale de P\u00e9kin. Il a publi\u00e9 chez plusieurs \u00e9diteurs italiens (Ancora del Mediterraneo, Belforte, ETS, Giunti, Le Lettere\u2026).<\/p>\n<p><em>L\u2019\u00e2ge \u00e9lastique<\/em> est son deuxi\u00e8me recueil de po\u00e9sies paru chez Les Grands Singes-L\u2019Escalier.<\/p>\n","protected":false},"excerpt":{"rendered":"<p>Recueil de po\u00e9sie<\/p>\n","protected":false},"featured_media":250,"template":"","meta":{"_monsterinsights_skip_tracking":false,"_monsterinsights_sitenote_active":false,"_monsterinsights_sitenote_note":"","_monsterinsights_sitenote_category":0},"product_brand":[],"product_cat":[38,33,23],"product_tag":[],"class_list":{"0":"post-259","1":"product","2":"type-product","3":"status-publish","4":"has-post-thumbnail","6":"product_cat-nouveaute","7":"product_cat-parus","8":"product_cat-poesie","10":"first","11":"instock","12":"shipping-taxable","13":"purchasable","14":"product-type-simple"},"aioseo_notices":[],"jetpack_sharing_enabled":true,"_links":{"self":[{"href":"https:\/\/lesgrandssinges.com\/index.php\/wp-json\/wp\/v2\/product\/259","targetHints":{"allow":["GET"]}}],"collection":[{"href":"https:\/\/lesgrandssinges.com\/index.php\/wp-json\/wp\/v2\/product"}],"about":[{"href":"https:\/\/lesgrandssinges.com\/index.php\/wp-json\/wp\/v2\/types\/product"}],"wp:featuredmedia":[{"embeddable":true,"href":"https:\/\/lesgrandssinges.com\/index.php\/wp-json\/wp\/v2\/media\/250"}],"wp:attachment":[{"href":"https:\/\/lesgrandssinges.com\/index.php\/wp-json\/wp\/v2\/media?parent=259"}],"wp:term":[{"taxonomy":"product_brand","embeddable":true,"href":"https:\/\/lesgrandssinges.com\/index.php\/wp-json\/wp\/v2\/product_brand?post=259"},{"taxonomy":"product_cat","embeddable":true,"href":"https:\/\/lesgrandssinges.com\/index.php\/wp-json\/wp\/v2\/product_cat?post=259"},{"taxonomy":"product_tag","embeddable":true,"href":"https:\/\/lesgrandssinges.com\/index.php\/wp-json\/wp\/v2\/product_tag?post=259"}],"curies":[{"name":"wp","href":"https:\/\/api.w.org\/{rel}","templated":true}]}}